{"id":15069,"date":"2012-05-15T17:00:59","date_gmt":"2012-05-15T15:00:59","guid":{"rendered":"https:\/\/www.deedeeparis.com\/blog\/?page_id=15069"},"modified":"2014-04-15T23:17:48","modified_gmt":"2014-04-15T21:17:48","slug":"jem-x-deedee","status":"publish","type":"page","link":"https:\/\/www.deedeeparis.com\/blog\/jem-x-deedee","title":{"rendered":"JEM x Deedee"},"content":{"rendered":"<p><a href=\"https:\/\/www.deedeeparis.com\/blog\/wp-content\/uploads\/2012\/05\/jem-deedee.jpg\"><img loading=\"lazy\" decoding=\"async\" class=\"alignnone size-medium wp-image-16968\" title=\"jem deedee\" alt=\"\" src=\"https:\/\/www.deedeeparis.com\/blog\/wp-content\/uploads\/2012\/05\/jem-deedee-500x375.jpg\" width=\"500\" height=\"375\" \/><\/a><\/p>\n<p>JEM x Deedee, c&rsquo;est d&rsquo;abord une belle rencontre. Un coup de coeur absolu pour une marque qui fait sens tant par sa d\u00e9marche que par les produits qu&rsquo;elle propose.<\/p>\n<p>Tout commence un jour de septembre. Au cours d&rsquo;un d\u00e9jeuner, je rencontre Erwan, le fondateur de <a title=\"JEM Jewellery Ethically Minded\" href=\"http:\/\/jem-paris.com\/\" target=\"_blank\">JEM<\/a> (Jewellery Ethically Minded) et H\u00e9loise, la responsable marketing et communication de la marque. Ils me racontent JEM, leur <strong>vision \u00e9thique de la joaillerie, le d\u00e9veloppement durable int\u00e9gr\u00e9 \u00e0 toutes les \u00e9tapes du cycle de vie du bijou, de l&rsquo;extraction de l&rsquo;or \u00e0 la fa\u00e7on made in France.<\/strong><\/p>\n<p>Tr\u00e8s vite, je suis radicalement s\u00e9duite par cette approche novatrice du luxe et de la joaillerie : <strong>l&rsquo;id\u00e9e de porter un bijou \u00e0 la fois d\u00e9sirable et durable est v\u00e9ritablement fascinante<\/strong>, \u00e0 l&rsquo;heure o\u00f9 tout s&rsquo;ach\u00e8te et se consomme avec une fr\u00e9n\u00e9sie qui frise souvent le path\u00e9tique.<\/p>\n<p>Pendant 7 mois, je vais alors travailler avec la talentueuse Jeanne Karpov, designer de joaillerie, \u00e0 l&rsquo;\u00e9laboration d&rsquo;une collection capsule. La collection Maa \u00e9tait n\u00e9e ! Il en r\u00e9sulte 7 anneaux diff\u00e9rents aux courbes inspir\u00e9es par la culture Masa\u00ef et d\u00e9clin\u00e9s en or rouge, jaune, blanc, et vert. 7 anneaux \u00e0 porter seuls, ou \u00e0 compiler au gr\u00e9 de ses envies&#8230;<\/p>\n<p>&nbsp;<\/p>\n<p style=\"text-align: center;\"><a href=\"https:\/\/www.deedeeparis.com\/blog\/wp-content\/uploads\/2012\/05\/SHOOTING-DEEDEE-2.jpg\"><img loading=\"lazy\" decoding=\"async\" class=\"shadowless aligncenter\" title=\"JEM x Deedee\" alt=\"\" src=\"https:\/\/www.deedeeparis.com\/blog\/wp-content\/uploads\/2012\/05\/SHOOTING-DEEDEE-2-500x639.jpg\" width=\"500\" height=\"639\" \/><\/a><\/p>\n<p><em>\u00a9Photo Thierry Bou\u00ebt<\/em><\/p>\n<p>&nbsp;<\/p>\n<p>Special thanks \u00e0 Marl\u00e8ne, Erwan, H\u00e9lo\u00efse, Ingrid, Maria-Luisa, <a title=\"Anna Xhaard\" href=\"http:\/\/annaxhaard.blogspot.fr\/\" target=\"_blank\">Anna<\/a>, Jeanne, mais aussi Yohann et G\u00e9raldine&#8230; et tous ceux que j&rsquo;ai r\u00e9guli\u00e8rement saoul\u00e9s avec cette aventure tr\u00e9pidante et truculente !<\/p>\n<h4><strong>L<\/strong><strong>&lsquo;histoire de la collection<\/strong><strong><br \/>\n<\/strong><\/h4>\n<ul>\n<li><a title=\"JEM + deedee\" href=\"https:\/\/www.deedeeparis.com\/blog\/jem-deedee\" target=\"_blank\">La g\u00e9n\u00e8se du projet <\/a><\/li>\n<li><a title=\"JEM + deedee\" href=\"https:\/\/www.deedeeparis.com\/blog\/jem-deedee-2\" target=\"_blank\">Les inspirations et origines de la collection <\/a><\/li>\n<li><a title=\"JEM + deedee\" href=\"https:\/\/www.deedeeparis.com\/blog\/jem-deedee-des-masai-aux-bijoux\" target=\"_blank\">L&rsquo;inspiration puis\u00e9e au coeur de la culture Masa\u00ef<\/a><\/li>\n<li><a title=\"Or \u00e9thique JEM\" href=\"https:\/\/www.deedeeparis.com\/blog\/jem-deedee-collection-bijoux-or-ehique\" target=\"_blank\">Ce que signifie l\u2019or \u00e9thique<\/a><\/li>\n<li><a title=\"Jem x deedee\" href=\"https:\/\/www.deedeeparis.com\/blog\/bijoux-jem-deedee-2\" target=\"_blank\">Le r\u00e9sultat<\/a><\/li>\n<\/ul>\n<h4><strong>O\u00f9 la trouver<\/strong><\/h4>\n<p><em><strong>En boutique <\/strong><\/em><\/p>\n<p>FRANCE<br \/>\nMerci &#8211; 111 boulevard Beaumarchais 75003 Paris<br \/>\nLe Bon March\u00e9 &#8211; 24, rue de S\u00e8vres 75007 Paris<br \/>\nFranck &amp; Fils &#8211; 80, rue de Passy 75016 Paris<\/p>\n<p>SOUTH KOREA (!)<br \/>\nCelebration &#8211; 96, Chungdam &#8211; Dong, Gangnam &#8211; gu &#8211; S\u00e9oul 135-517<\/p>\n<p><em><strong>Sur Internet<\/strong><\/em><\/p>\n<p>Directement sur l&rsquo;<a title=\"eshop JEM\" href=\"http:\/\/jem-paris.com\/home_shop.php\" target=\"_blank\">eshop de JEM<\/a> ou sur <a title=\"JEM sur Caratime\" href=\"http:\/\/fr.caratime.com\/joaillerie\/designer\/1287583233035279400\/JEM\" target=\"_blank\">Caratime<\/a>.<\/p>\n<h4><strong>Ils ont aim\u00e9 la collection JEM x Deedee<\/strong><strong> (merci !)<\/strong><\/h4>\n<p>&#8211; <a title=\"Pens\u00e9es de ronde\" href=\"http:\/\/www.penseesderonde.fr\/2012\/05\/deedee-jem-et-autres-consid%C3%A9rations-existentielles.html\" target=\"_blank\">Pens\u00e9es de Ronde <\/a><br \/>\n&#8211; <a title=\"Carton Magazine\" href=\"http:\/\/www.cartonmagazine.com\/joaillerie\/joaillerie-news\/4932\/jem-si-fort\/\" target=\"_blank\">Carton Magazine<\/a><br \/>\n&#8211; <a title=\"Sois belle et parle\" href=\"http:\/\/soisbelleetparle.fr\/instagram-13\" target=\"_blank\">Violette<\/a><br \/>\n&#8211; <a title=\"Chari T\" href=\"http:\/\/www.chari-t.fr\/\" target=\"_blank\">Chari T Magazine<\/a> le premier magazine caritatif f\u00e9minin cr\u00e9e et dirig\u00e9 par Cynthia Illouz<br \/>\n&#8211;\u00a0 <a title=\"Play like a girl\" href=\"http:\/\/www.playlikeagirl.fr\/2012\/06\/26\/red\/\" target=\"_blank\">Play like a Girl<\/a><br \/>\n&#8211; <a title=\"Babymodeuse\" href=\"http:\/\/www.babymodeuse.com\/2012\/06\/if-you-like-it-then-you-should-put-ring.html\" target=\"_blank\">Babymodeuse<\/a><br \/>\n&#8211; <a title=\"Absolutely glamourous\" href=\"http:\/\/www.absolutelyglamourous.fr\/jem-deedee-bijoux-collection-or-ethique\" target=\"_blank\">Absolutely Glamourous <\/a><br \/>\n&#8211; <a href=\"https:\/\/www.deedeeparis.com\/blog\/wp-content\/uploads\/2012\/05\/Juillet-Madame-Figaro.pdf\">Madame Figaro<\/a><\/p>\n<p><em><strong>&gt;&gt; Vous pouvez t\u00e9l\u00e9charger le <a href=\"https:\/\/www.deedeeparis.com\/blog\/wp-content\/uploads\/2012\/05\/DP-MAA-JEM.pdf\">dossier de presse<\/a> si vous souhaitez plus d&rsquo;informations.\u00a0<\/strong><\/em><\/p>\n","protected":false},"excerpt":{"rendered":"<p>JEM x Deedee, c&rsquo;est d&rsquo;abord une belle rencontre. Un coup de coeur absolu pour une marque qui fait sens tant par sa d\u00e9marche que par les produits qu&rsquo;elle propose. Tout commence un jour de septembre. Au cours d&rsquo;un d\u00e9jeuner, je rencontre Erwan, le fondateur de JEM (Jewellery Ethically Minded) et H\u00e9loise, la responsable marketing et [&hellip;]<\/p>\n","protected":false},"author":2,"featured_media":16968,"parent":0,"menu_order":0,"comment_status":"open","ping_status":"open","template":"","meta":{"_acf_changed":false,"footnotes":""},"class_list":["post-15069","page","type-page","status-publish","has-post-thumbnail","hentry"],"acf":[],"_links":{"self":[{"href":"https:\/\/www.deedeeparis.com\/blog\/wp-json\/wp\/v2\/pages\/15069","targetHints":{"allow":["GET"]}}],"collection":[{"href":"https:\/\/www.deedeeparis.com\/blog\/wp-json\/wp\/v2\/pages"}],"about":[{"href":"https:\/\/www.deedeeparis.com\/blog\/wp-json\/wp\/v2\/types\/page"}],"author":[{"embeddable":true,"href":"https:\/\/www.deedeeparis.com\/blog\/wp-json\/wp\/v2\/users\/2"}],"replies":[{"embeddable":true,"href":"https:\/\/www.deedeeparis.com\/blog\/wp-json\/wp\/v2\/comments?post=15069"}],"version-history":[{"count":4,"href":"https:\/\/www.deedeeparis.com\/blog\/wp-json\/wp\/v2\/pages\/15069\/revisions"}],"predecessor-version":[{"id":25084,"href":"https:\/\/www.deedeeparis.com\/blog\/wp-json\/wp\/v2\/pages\/15069\/revisions\/25084"}],"wp:featuredmedia":[{"embeddable":true,"href":"https:\/\/www.deedeeparis.com\/blog\/wp-json\/wp\/v2\/media\/16968"}],"wp:attachment":[{"href":"https:\/\/www.deedeeparis.com\/blog\/wp-json\/wp\/v2\/media?parent=15069"}],"curies":[{"name":"wp","href":"https:\/\/api.w.org\/{rel}","templated":true}]}}